{"id":240,"date":"2020-04-06T10:00:33","date_gmt":"2020-04-06T08:00:33","guid":{"rendered":"https:\/\/www.arace.fr\/?page_id=240"},"modified":"2020-04-12T00:04:03","modified_gmt":"2020-04-11T22:04:03","slug":"ses-tm0rdr-2010","status":"publish","type":"page","link":"https:\/\/www.arace.fr\/index.php\/ses-tm0rdr-2010\/","title":{"rendered":"SES &#8211; TM0RDR 2010"},"content":{"rendered":"\n<h4 class=\"wp-block-heading\">Ouest-France 08-09-2010<\/h4>\n\n\n\n<figure class=\"wp-block-image size-large\"><img loading=\"lazy\" decoding=\"async\" width=\"630\" height=\"1024\" src=\"https:\/\/www.arace.fr\/wp-content\/uploads\/2020\/04\/Ouest-France-08-09-2010-630x1024.jpg\" alt=\"\" class=\"wp-image-243\" srcset=\"https:\/\/www.arace.fr\/wp-content\/uploads\/2020\/04\/Ouest-France-08-09-2010-630x1024.jpg 630w, https:\/\/www.arace.fr\/wp-content\/uploads\/2020\/04\/Ouest-France-08-09-2010-185x300.jpg 185w, https:\/\/www.arace.fr\/wp-content\/uploads\/2020\/04\/Ouest-France-08-09-2010-768x1248.jpg 768w, https:\/\/www.arace.fr\/wp-content\/uploads\/2020\/04\/Ouest-France-08-09-2010-738x1200.jpg 738w, https:\/\/www.arace.fr\/wp-content\/uploads\/2020\/04\/Ouest-France-08-09-2010-394x640.jpg 394w, https:\/\/www.arace.fr\/wp-content\/uploads\/2020\/04\/Ouest-France-08-09-2010.jpg 800w\" sizes=\"auto, (max-width: 630px) 100vw, 630px\" \/><\/figure>\n\n\n\n<h4 class=\"wp-block-heading\">Pays Malouin 04-11-2010<\/h4>\n\n\n\n<figure class=\"wp-block-image size-large\"><img loading=\"lazy\" decoding=\"async\" width=\"1024\" height=\"687\" src=\"https:\/\/www.arace.fr\/wp-content\/uploads\/2020\/04\/Pays-Malouin-04-11-2010-1024x687.jpg\" alt=\"\" class=\"wp-image-244\" srcset=\"https:\/\/www.arace.fr\/wp-content\/uploads\/2020\/04\/Pays-Malouin-04-11-2010-1024x687.jpg 1024w, https:\/\/www.arace.fr\/wp-content\/uploads\/2020\/04\/Pays-Malouin-04-11-2010-300x201.jpg 300w, https:\/\/www.arace.fr\/wp-content\/uploads\/2020\/04\/Pays-Malouin-04-11-2010-768x515.jpg 768w, https:\/\/www.arace.fr\/wp-content\/uploads\/2020\/04\/Pays-Malouin-04-11-2010-640x429.jpg 640w, https:\/\/www.arace.fr\/wp-content\/uploads\/2020\/04\/Pays-Malouin-04-11-2010.jpg 1157w\" sizes=\"auto, (max-width: 1024px) 100vw, 1024px\" \/><\/figure>\n\n\n\n<h4 class=\"wp-block-heading\">Ouest-France 05-11-2010<\/h4>\n\n\n\n<figure class=\"wp-block-image size-large\"><img loading=\"lazy\" decoding=\"async\" width=\"1024\" height=\"448\" src=\"https:\/\/www.arace.fr\/wp-content\/uploads\/2020\/04\/Ouest-France-05-11-2010-1024x448.jpg\" alt=\"\" class=\"wp-image-245\" srcset=\"https:\/\/www.arace.fr\/wp-content\/uploads\/2020\/04\/Ouest-France-05-11-2010-1024x448.jpg 1024w, https:\/\/www.arace.fr\/wp-content\/uploads\/2020\/04\/Ouest-France-05-11-2010-300x131.jpg 300w, https:\/\/www.arace.fr\/wp-content\/uploads\/2020\/04\/Ouest-France-05-11-2010-768x336.jpg 768w, https:\/\/www.arace.fr\/wp-content\/uploads\/2020\/04\/Ouest-France-05-11-2010-640x280.jpg 640w, https:\/\/www.arace.fr\/wp-content\/uploads\/2020\/04\/Ouest-France-05-11-2010.jpg 1176w\" sizes=\"auto, (max-width: 1024px) 100vw, 1024px\" \/><\/figure>\n\n\n\n<h4 class=\"wp-block-heading\">CQ 35 de l&rsquo;ARA 35<\/h4>\n\n\n\n<figure class=\"wp-block-image size-large\"><img loading=\"lazy\" decoding=\"async\" width=\"689\" height=\"1024\" src=\"https:\/\/www.arace.fr\/wp-content\/uploads\/2020\/04\/ARA35-689x1024.jpg\" alt=\"\" class=\"wp-image-246\" srcset=\"https:\/\/www.arace.fr\/wp-content\/uploads\/2020\/04\/ARA35-689x1024.jpg 689w, https:\/\/www.arace.fr\/wp-content\/uploads\/2020\/04\/ARA35-202x300.jpg 202w, https:\/\/www.arace.fr\/wp-content\/uploads\/2020\/04\/ARA35-768x1141.jpg 768w, https:\/\/www.arace.fr\/wp-content\/uploads\/2020\/04\/ARA35-808x1200.jpg 808w, https:\/\/www.arace.fr\/wp-content\/uploads\/2020\/04\/ARA35-431x640.jpg 431w, https:\/\/www.arace.fr\/wp-content\/uploads\/2020\/04\/ARA35.jpg 968w\" sizes=\"auto, (max-width: 689px) 100vw, 689px\" \/><\/figure>\n\n\n\n<h4 class=\"wp-block-heading\">Radio REF de Dec 2010<\/h4>\n\n\n\n<figure class=\"wp-block-image size-large\"><img loading=\"lazy\" decoding=\"async\" width=\"724\" height=\"1024\" src=\"https:\/\/www.arace.fr\/wp-content\/uploads\/2020\/04\/REF-1-724x1024.jpg\" alt=\"\" class=\"wp-image-247\" srcset=\"https:\/\/www.arace.fr\/wp-content\/uploads\/2020\/04\/REF-1-724x1024.jpg 724w, https:\/\/www.arace.fr\/wp-content\/uploads\/2020\/04\/REF-1-212x300.jpg 212w, https:\/\/www.arace.fr\/wp-content\/uploads\/2020\/04\/REF-1-768x1086.jpg 768w, https:\/\/www.arace.fr\/wp-content\/uploads\/2020\/04\/REF-1-849x1200.jpg 849w, https:\/\/www.arace.fr\/wp-content\/uploads\/2020\/04\/REF-1-453x640.jpg 453w, https:\/\/www.arace.fr\/wp-content\/uploads\/2020\/04\/REF-1.jpg 995w\" sizes=\"auto, (max-width: 724px) 100vw, 724px\" \/><\/figure>\n\n\n\n<h4 class=\"wp-block-heading\">France Bleu Armorique<\/h4>\n\n\n\n<figure class=\"wp-block-audio\"><audio controls src=\"https:\/\/www.arace.fr\/wp-content\/uploads\/2020\/04\/ARACE_France_Bleu_Armorique_26-10-2010.mp3\"><\/audio><\/figure>\n\n\n\n<figure class=\"wp-block-image size-large is-resized\"><img loading=\"lazy\" decoding=\"async\" src=\"https:\/\/www.arace.fr\/wp-content\/uploads\/2020\/04\/France-bleu-638x1024.jpg\" alt=\"\" class=\"wp-image-259\" width=\"292\" height=\"469\" srcset=\"https:\/\/www.arace.fr\/wp-content\/uploads\/2020\/04\/France-bleu-638x1024.jpg 638w, https:\/\/www.arace.fr\/wp-content\/uploads\/2020\/04\/France-bleu-187x300.jpg 187w, https:\/\/www.arace.fr\/wp-content\/uploads\/2020\/04\/France-bleu-748x1200.jpg 748w, https:\/\/www.arace.fr\/wp-content\/uploads\/2020\/04\/France-bleu-399x640.jpg 399w, https:\/\/www.arace.fr\/wp-content\/uploads\/2020\/04\/France-bleu.jpg 762w\" sizes=\"auto, (max-width: 292px) 100vw, 292px\" \/><\/figure>\n\n\n\n<h4 class=\"wp-block-heading\">19\/20 France 3 Ouest<\/h4>\n\n\n\n<div class=\"wp-block-file\"><a href=\"https:\/\/www.arace.fr\/wp-content\/uploads\/2020\/04\/tm0rdr_fr3.wmv\">tm0rdr_fr3<\/a><a href=\"https:\/\/www.arace.fr\/wp-content\/uploads\/2020\/04\/tm0rdr_fr3.wmv\" class=\"wp-block-file__button\" download>T\u00e9l\u00e9charger<\/a><\/div>\n\n\n\n<h4 class=\"wp-block-heading\">Inauguration<\/h4>\n\n\n\n<figure class=\"wp-block-image size-large\"><img loading=\"lazy\" decoding=\"async\" width=\"783\" height=\"1024\" src=\"https:\/\/www.arace.fr\/wp-content\/uploads\/2020\/04\/Inauguration-783x1024.jpg\" alt=\"\" class=\"wp-image-248\" srcset=\"https:\/\/www.arace.fr\/wp-content\/uploads\/2020\/04\/Inauguration-783x1024.jpg 783w, https:\/\/www.arace.fr\/wp-content\/uploads\/2020\/04\/Inauguration-229x300.jpg 229w, https:\/\/www.arace.fr\/wp-content\/uploads\/2020\/04\/Inauguration-768x1005.jpg 768w, https:\/\/www.arace.fr\/wp-content\/uploads\/2020\/04\/Inauguration-917x1200.jpg 917w, https:\/\/www.arace.fr\/wp-content\/uploads\/2020\/04\/Inauguration-489x640.jpg 489w, https:\/\/www.arace.fr\/wp-content\/uploads\/2020\/04\/Inauguration.jpg 1112w\" sizes=\"auto, (max-width: 783px) 100vw, 783px\" \/><\/figure>\n\n\n\n<h4 class=\"wp-block-heading\">L&rsquo;activit\u00e9: 9239 contacts<\/h4>\n\n\n\n<figure class=\"wp-block-image size-large\"><img loading=\"lazy\" decoding=\"async\" width=\"766\" height=\"1024\" src=\"https:\/\/www.arace.fr\/wp-content\/uploads\/2020\/04\/activites-766x1024.jpg\" alt=\"\" class=\"wp-image-249\" srcset=\"https:\/\/www.arace.fr\/wp-content\/uploads\/2020\/04\/activites-766x1024.jpg 766w, https:\/\/www.arace.fr\/wp-content\/uploads\/2020\/04\/activites-224x300.jpg 224w, https:\/\/www.arace.fr\/wp-content\/uploads\/2020\/04\/activites-768x1027.jpg 768w, https:\/\/www.arace.fr\/wp-content\/uploads\/2020\/04\/activites-897x1200.jpg 897w, https:\/\/www.arace.fr\/wp-content\/uploads\/2020\/04\/activites-479x640.jpg 479w, https:\/\/www.arace.fr\/wp-content\/uploads\/2020\/04\/activites.jpg 1103w\" sizes=\"auto, (max-width: 766px) 100vw, 766px\" \/><\/figure>\n\n\n\n<h4 class=\"wp-block-heading\"><strong>Le mot du Pr\u00e9sident<\/strong><\/h4>\n\n\n\n<p>Pour cette \u00e9dition 2010 de la Course du Rhum je retiendrai :<br><br><br>1. Notre r\u00e9ussite gr\u00e2ce \u00e0 l\u2019engagement de chacun pour la d\u00e9fense de notre association, votre<br>investissement en apportant de votre temps, votre exp\u00e9rience et vos comp\u00e9tences.<br><br><br>2. Vous avez partag\u00e9 nos valeurs et, en participant, cr\u00e9\u00e9 la dynamique n\u00e9cessaire au bon<br>fonctionnement de l\u2019activit\u00e9 et de l\u2019association. Vous vous \u00eates rendus utiles et avez su<br>transmettre notre passion aux visiteurs (+ 3000). Nous avons v\u00e9cu des grands moments, il y<br>a eu du plaisir et nous avons d\u00e9couvert des personnes diff\u00e9rentes mais \u00e9galement<br>passionn\u00e9es. Nous avons fait profiter les autres de nos comp\u00e9tences.<br><br><br><strong>Voil\u00e0 des faits pr\u00e9cis<\/strong> qui d\u00e9montrent la r\u00e9ussite de cette activit\u00e9 et le respect des valeurs qui<br>nous animent.<br><br><br>Le bilan est positif et les objectifs sont atteints gr\u00e2ce \u00e0 l\u2019esprit d\u2019\u00e9quipe, la dynamique et la<br>bonne ambiance qui r\u00e8gne au sein de l\u2019association pleine de projets pour l\u2019avenir.<br>En conclusion : une manifestation TMORDR exceptionnelle !<br>Un grand vainqueur : le RADIO AMATEURISME !<br><br><br>Merci \u00e0 tous, adh\u00e9rents et partenaires.<br>F5CYM Yannick<br>Pr\u00e9sident de l\u2019A.R.A.C.E.<\/p>\n\n\n\n<h4 class=\"wp-block-heading\">Nos Partenaires<\/h4>\n\n\n\n<figure class=\"wp-block-image size-large\"><img loading=\"lazy\" decoding=\"async\" width=\"709\" height=\"1024\" src=\"https:\/\/www.arace.fr\/wp-content\/uploads\/2020\/04\/partenaires-709x1024.jpg\" alt=\"\" class=\"wp-image-242\" srcset=\"https:\/\/www.arace.fr\/wp-content\/uploads\/2020\/04\/partenaires-709x1024.jpg 709w, https:\/\/www.arace.fr\/wp-content\/uploads\/2020\/04\/partenaires-208x300.jpg 208w, https:\/\/www.arace.fr\/wp-content\/uploads\/2020\/04\/partenaires-768x1109.jpg 768w, https:\/\/www.arace.fr\/wp-content\/uploads\/2020\/04\/partenaires-831x1200.jpg 831w, https:\/\/www.arace.fr\/wp-content\/uploads\/2020\/04\/partenaires-443x640.jpg 443w, https:\/\/www.arace.fr\/wp-content\/uploads\/2020\/04\/partenaires.jpg 1010w\" sizes=\"auto, (max-width: 709px) 100vw, 709px\" \/><\/figure>\n","protected":false},"excerpt":{"rendered":"<p>Ouest-France 08-09-2010 Pays Malouin 04-11-2010 Ouest-France 05-11-2010 CQ 35 de l&rsquo;ARA 35 Radio REF de Dec 2010 France Bleu Armorique 19\/20 France 3 Ouest Inauguration L&rsquo;activit\u00e9: 9239 contacts Le mot du Pr\u00e9sident Pour cette \u00e9dition 2010 de la&#8230; <a class=\"read-more\" href=\"https:\/\/www.arace.fr\/index.php\/ses-tm0rdr-2010\/\">Read More<\/a><\/p>\n","protected":false},"author":1,"featured_media":0,"parent":0,"menu_order":0,"comment_status":"closed","ping_status":"closed","template":"","meta":{"ngg_post_thumbnail":0,"footnotes":""},"class_list":["post-240","page","type-page","status-publish","hentry","no-comments"],"_links":{"self":[{"href":"https:\/\/www.arace.fr\/index.php\/wp-json\/wp\/v2\/pages\/240","targetHints":{"allow":["GET"]}}],"collection":[{"href":"https:\/\/www.arace.fr\/index.php\/wp-json\/wp\/v2\/pages"}],"about":[{"href":"https:\/\/www.arace.fr\/index.php\/wp-json\/wp\/v2\/types\/page"}],"author":[{"embeddable":true,"href":"https:\/\/www.arace.fr\/index.php\/wp-json\/wp\/v2\/users\/1"}],"replies":[{"embeddable":true,"href":"https:\/\/www.arace.fr\/index.php\/wp-json\/wp\/v2\/comments?post=240"}],"version-history":[{"count":8,"href":"https:\/\/www.arace.fr\/index.php\/wp-json\/wp\/v2\/pages\/240\/revisions"}],"predecessor-version":[{"id":3766,"href":"https:\/\/www.arace.fr\/index.php\/wp-json\/wp\/v2\/pages\/240\/revisions\/3766"}],"wp:attachment":[{"href":"https:\/\/www.arace.fr\/index.php\/wp-json\/wp\/v2\/media?parent=240"}],"curies":[{"name":"wp","href":"https:\/\/api.w.org\/{rel}","templated":true}]}}